{"id":80372,"date":"2026-06-01T04:38:26","date_gmt":"2026-06-01T01:38:26","guid":{"rendered":"https:\/\/ofertexl.ro\/produs\/capat-freza-carbid-con-ascutit-fina-237\/"},"modified":"2026-08-30T02:46:56","modified_gmt":"2026-08-29T23:46:56","slug":"capat-freza-carbid-con-ascutit-fina-237","status":"publish","type":"product","link":"https:\/\/ofertexl.ro\/ro\/produs\/capat-freza-carbid-con-ascutit-fina-237\/","title":{"rendered":"Capat freza carbid &#8211; con ascutit fina #237"},"content":{"rendered":"<p>Acest cap\u0103t de frez\u0103 este extrem de puternic \u0219i durabil, fiind realizat din cele mai bune materiale \u0219i este destinat doar pentru uz profesional. Folosirea acestuia necesit\u0103 preg\u0103tire profesional\u0103 prealabil\u0103 \u0219i precizie foarte mare \u00een lucrul cu el. Foarte important, acesta se folose\u0219te doar pentru materiale artificiale, niciodat\u0103 pe suprafa\u021ba unghiilor naturale! Rezist\u0103 \u00een solu\u021biile de dezinfectare \u0219i sterilizare termic\u0103.&nbsp;Este universal \u0219i se&nbsp;potrive\u0219te la majoritatea aparatelor de pilire.&nbsp; Duritate: Fin\u0103 Materialul la care poate fi folosit:&nbsp;Gel UV, Acryl, Acryl Pro Gel V\u00e2rf: U\u0219or rotunjit<\/p>\n","protected":false},"excerpt":{"rendered":"<p>Acest cap\u0103t de frez\u0103 este extrem de puternic \u0219i durabil, fiind realizat din cele mai bune materiale \u0219i este destinat<\/p>\n","protected":false},"featured_media":29031,"comment_status":"open","ping_status":"closed","template":"","meta":[],"product_brand":[],"product_cat":[468],"product_tag":[],"class_list":["post-80372","product","type-product","status-publish","has-post-thumbnail","product_cat-accesorii-cabluri","first","instock","sale","shipping-taxable","product-type-external"],"yoast_head":"<!-- This site is optimized with the Yoast SEO plugin v27.6 - https:\/\/yoast.com\/product\/yoast-seo-wordpress\/ -->\n<title>C\u0103pturi de frez\u0103 carbid - con ascutit fina #237 - Accesorii &amp; Cabluri<\/title>\n<meta name=\"description\" content=\"&quot;Descoperi\u021bi c\u0103pturi de frez\u0103 carbid de \u00eenalt\u0103 calitate! Cump\u0103r\u0103 acum conul ascutit fina #237 \u0219i \u00eembun\u0103t\u0103\u021bi\u021bi rezultatele dvs. profesionale. Comanda\u021bi acum \u0219i beneficia\u021bi de pre\u021buri avantajoase!&quot;\" \/>\n<meta name=\"robots\" content=\"index, follow, max-snippet:-1, max-image-preview:large, max-video-preview:-1\" \/>\n<link rel=\"canonical\" href=\"https:\/\/ofertexl.ro\/ro\/produs\/capat-freza-carbid-con-ascutit-fina-237\/\" \/>\n<meta property=\"og:locale\" content=\"ro_RO\" \/>\n<meta property=\"og:type\" content=\"article\" \/>\n<meta property=\"og:title\" content=\"C\u0103pturi de frez\u0103 carbid - con ascutit fina #237 - Accesorii &amp; Cabluri\" \/>\n<meta property=\"og:description\" content=\"&quot;Descoperi\u021bi c\u0103pturi de frez\u0103 carbid de \u00eenalt\u0103 calitate! Cump\u0103r\u0103 acum conul ascutit fina #237 \u0219i \u00eembun\u0103t\u0103\u021bi\u021bi rezultatele dvs. profesionale. Comanda\u021bi acum \u0219i beneficia\u021bi de pre\u021buri avantajoase!&quot;\" \/>\n<meta property=\"og:url\" content=\"https:\/\/ofertexl.ro\/ro\/produs\/capat-freza-carbid-con-ascutit-fina-237\/\" \/>\n<meta property=\"og:site_name\" content=\"Oferte XL\" \/>\n<meta property=\"article:modified_time\" content=\"2026-08-29T23:46:56+00:00\" \/>\n<meta property=\"og:image\" content=\"https:\/\/ofertexl.ro\/wp-content\/uploads\/2026\/05\/ChatGPT-Image-19-mai-2026-19_30_49-1.png\" \/>\n\t<meta property=\"og:image:width\" content=\"1672\" \/>\n\t<meta property=\"og:image:height\" content=\"941\" \/>\n\t<meta property=\"og:image:type\" content=\"image\/png\" \/>\n<meta name=\"twitter:card\" content=\"summary_large_image\" \/>\n<script type=\"application\/ld+json\" class=\"yoast-schema-graph\">{\"@context\":\"https:\\\/\\\/schema.org\",\"@graph\":[{\"@type\":\"WebPage\",\"@id\":\"https:\\\/\\\/ofertexl.ro\\\/produs\\\/capat-freza-carbid-con-ascutit-fina-237\\\/\",\"url\":\"https:\\\/\\\/ofertexl.ro\\\/produs\\\/capat-freza-carbid-con-ascutit-fina-237\\\/\",\"name\":\"C\u0103pturi de frez\u0103 carbid - con ascutit fina #237 - Accesorii & Cabluri\",\"isPartOf\":{\"@id\":\"https:\\\/\\\/ofertexl.ro\\\/#website\"},\"primaryImageOfPage\":{\"@id\":\"https:\\\/\\\/ofertexl.ro\\\/produs\\\/capat-freza-carbid-con-ascutit-fina-237\\\/#primaryimage\"},\"image\":{\"@id\":\"https:\\\/\\\/ofertexl.ro\\\/produs\\\/capat-freza-carbid-con-ascutit-fina-237\\\/#primaryimage\"},\"thumbnailUrl\":\"https:\\\/\\\/www.nailshop.ro\\\/files\\\/products\\\/9\\\/7\\\/74105_big.jpg\",\"datePublished\":\"2026-06-01T01:38:26+00:00\",\"dateModified\":\"2026-08-29T23:46:56+00:00\",\"description\":\"\\\"Descoperi\u021bi c\u0103pturi de frez\u0103 carbid de \u00eenalt\u0103 calitate! Cump\u0103r\u0103 acum conul ascutit fina #237 \u0219i \u00eembun\u0103t\u0103\u021bi\u021bi rezultatele dvs. profesionale. Comanda\u021bi acum \u0219i beneficia\u021bi de pre\u021buri avantajoase!\\\"\",\"breadcrumb\":{\"@id\":\"https:\\\/\\\/ofertexl.ro\\\/produs\\\/capat-freza-carbid-con-ascutit-fina-237\\\/#breadcrumb\"},\"inLanguage\":\"ro-RO\",\"potentialAction\":[{\"@type\":\"ReadAction\",\"target\":[\"https:\\\/\\\/ofertexl.ro\\\/produs\\\/capat-freza-carbid-con-ascutit-fina-237\\\/\"]}]},{\"@type\":\"ImageObject\",\"inLanguage\":\"ro-RO\",\"@id\":\"https:\\\/\\\/ofertexl.ro\\\/produs\\\/capat-freza-carbid-con-ascutit-fina-237\\\/#primaryimage\",\"url\":\"https:\\\/\\\/www.nailshop.ro\\\/files\\\/products\\\/9\\\/7\\\/74105_big.jpg\",\"contentUrl\":\"https:\\\/\\\/www.nailshop.ro\\\/files\\\/products\\\/9\\\/7\\\/74105_big.jpg\"},{\"@type\":\"BreadcrumbList\",\"@id\":\"https:\\\/\\\/ofertexl.ro\\\/produs\\\/capat-freza-carbid-con-ascutit-fina-237\\\/#breadcrumb\",\"itemListElement\":[{\"@type\":\"ListItem\",\"position\":1,\"name\":\"Home\",\"item\":\"https:\\\/\\\/ofertexl.ro\\\/\"},{\"@type\":\"ListItem\",\"position\":2,\"name\":\"Shop\",\"item\":\"https:\\\/\\\/ofertexl.ro\\\/shop\\\/\"},{\"@type\":\"ListItem\",\"position\":3,\"name\":\"Capat freza carbid &#8211; con ascutit fina #237\"}]},{\"@type\":\"WebSite\",\"@id\":\"https:\\\/\\\/ofertexl.ro\\\/#website\",\"url\":\"https:\\\/\\\/ofertexl.ro\\\/\",\"name\":\"Oferte XL\",\"description\":\"Toate reducerile intr-un singur loc!\",\"publisher\":{\"@id\":\"https:\\\/\\\/ofertexl.ro\\\/#organization\"},\"potentialAction\":[{\"@type\":\"SearchAction\",\"target\":{\"@type\":\"EntryPoint\",\"urlTemplate\":\"https:\\\/\\\/ofertexl.ro\\\/?s={search_term_string}\"},\"query-input\":{\"@type\":\"PropertyValueSpecification\",\"valueRequired\":true,\"valueName\":\"search_term_string\"}}],\"inLanguage\":\"ro-RO\"},{\"@type\":\"Organization\",\"@id\":\"https:\\\/\\\/ofertexl.ro\\\/#organization\",\"name\":\"Oferte XL\",\"url\":\"https:\\\/\\\/ofertexl.ro\\\/\",\"logo\":{\"@type\":\"ImageObject\",\"inLanguage\":\"ro-RO\",\"@id\":\"https:\\\/\\\/ofertexl.ro\\\/#\\\/schema\\\/logo\\\/image\\\/\",\"url\":\"https:\\\/\\\/ofertexl.ro\\\/wp-content\\\/uploads\\\/2026\\\/05\\\/Logo-OFERTEXL.png\",\"contentUrl\":\"https:\\\/\\\/ofertexl.ro\\\/wp-content\\\/uploads\\\/2026\\\/05\\\/Logo-OFERTEXL.png\",\"width\":400,\"height\":114,\"caption\":\"Oferte XL\"},\"image\":{\"@id\":\"https:\\\/\\\/ofertexl.ro\\\/#\\\/schema\\\/logo\\\/image\\\/\"}}]}<\/script>\n<!-- \/ Yoast SEO plugin. -->","yoast_head_json":{"title":"C\u0103pturi de frez\u0103 carbid - con ascutit fina #237 - Accesorii & Cabluri","description":"\"Descoperi\u021bi c\u0103pturi de frez\u0103 carbid de \u00eenalt\u0103 calitate! Cump\u0103r\u0103 acum conul ascutit fina #237 \u0219i \u00eembun\u0103t\u0103\u021bi\u021bi rezultatele dvs. profesionale. Comanda\u021bi acum \u0219i beneficia\u021bi de pre\u021buri avantajoase!\"","robots":{"index":"index","follow":"follow","max-snippet":"max-snippet:-1","max-image-preview":"max-image-preview:large","max-video-preview":"max-video-preview:-1"},"canonical":"https:\/\/ofertexl.ro\/ro\/produs\/capat-freza-carbid-con-ascutit-fina-237\/","og_locale":"ro_RO","og_type":"article","og_title":"C\u0103pturi de frez\u0103 carbid - con ascutit fina #237 - Accesorii & Cabluri","og_description":"\"Descoperi\u021bi c\u0103pturi de frez\u0103 carbid de \u00eenalt\u0103 calitate! Cump\u0103r\u0103 acum conul ascutit fina #237 \u0219i \u00eembun\u0103t\u0103\u021bi\u021bi rezultatele dvs. profesionale. Comanda\u021bi acum \u0219i beneficia\u021bi de pre\u021buri avantajoase!\"","og_url":"https:\/\/ofertexl.ro\/ro\/produs\/capat-freza-carbid-con-ascutit-fina-237\/","og_site_name":"Oferte XL","article_modified_time":"2026-08-29T23:46:56+00:00","og_image":[{"width":1672,"height":941,"url":"https:\/\/ofertexl.ro\/wp-content\/uploads\/2026\/05\/ChatGPT-Image-19-mai-2026-19_30_49-1.png","type":"image\/png"}],"twitter_card":"summary_large_image","schema":{"@context":"https:\/\/schema.org","@graph":[{"@type":"WebPage","@id":"https:\/\/ofertexl.ro\/produs\/capat-freza-carbid-con-ascutit-fina-237\/","url":"https:\/\/ofertexl.ro\/produs\/capat-freza-carbid-con-ascutit-fina-237\/","name":"C\u0103pturi de frez\u0103 carbid - con ascutit fina #237 - Accesorii & Cabluri","isPartOf":{"@id":"https:\/\/ofertexl.ro\/#website"},"primaryImageOfPage":{"@id":"https:\/\/ofertexl.ro\/produs\/capat-freza-carbid-con-ascutit-fina-237\/#primaryimage"},"image":{"@id":"https:\/\/ofertexl.ro\/produs\/capat-freza-carbid-con-ascutit-fina-237\/#primaryimage"},"thumbnailUrl":"https:\/\/www.nailshop.ro\/files\/products\/9\/7\/74105_big.jpg","datePublished":"2026-06-01T01:38:26+00:00","dateModified":"2026-08-29T23:46:56+00:00","description":"\"Descoperi\u021bi c\u0103pturi de frez\u0103 carbid de \u00eenalt\u0103 calitate! Cump\u0103r\u0103 acum conul ascutit fina #237 \u0219i \u00eembun\u0103t\u0103\u021bi\u021bi rezultatele dvs. profesionale. Comanda\u021bi acum \u0219i beneficia\u021bi de pre\u021buri avantajoase!\"","breadcrumb":{"@id":"https:\/\/ofertexl.ro\/produs\/capat-freza-carbid-con-ascutit-fina-237\/#breadcrumb"},"inLanguage":"ro-RO","potentialAction":[{"@type":"ReadAction","target":["https:\/\/ofertexl.ro\/produs\/capat-freza-carbid-con-ascutit-fina-237\/"]}]},{"@type":"ImageObject","inLanguage":"ro-RO","@id":"https:\/\/ofertexl.ro\/produs\/capat-freza-carbid-con-ascutit-fina-237\/#primaryimage","url":"https:\/\/www.nailshop.ro\/files\/products\/9\/7\/74105_big.jpg","contentUrl":"https:\/\/www.nailshop.ro\/files\/products\/9\/7\/74105_big.jpg"},{"@type":"BreadcrumbList","@id":"https:\/\/ofertexl.ro\/produs\/capat-freza-carbid-con-ascutit-fina-237\/#breadcrumb","itemListElement":[{"@type":"ListItem","position":1,"name":"Home","item":"https:\/\/ofertexl.ro\/"},{"@type":"ListItem","position":2,"name":"Shop","item":"https:\/\/ofertexl.ro\/shop\/"},{"@type":"ListItem","position":3,"name":"Capat freza carbid &#8211; con ascutit fina #237"}]},{"@type":"WebSite","@id":"https:\/\/ofertexl.ro\/#website","url":"https:\/\/ofertexl.ro\/","name":"Oferte XL","description":"Toate reducerile intr-un singur loc!","publisher":{"@id":"https:\/\/ofertexl.ro\/#organization"},"potentialAction":[{"@type":"SearchAction","target":{"@type":"EntryPoint","urlTemplate":"https:\/\/ofertexl.ro\/?s={search_term_string}"},"query-input":{"@type":"PropertyValueSpecification","valueRequired":true,"valueName":"search_term_string"}}],"inLanguage":"ro-RO"},{"@type":"Organization","@id":"https:\/\/ofertexl.ro\/#organization","name":"Oferte XL","url":"https:\/\/ofertexl.ro\/","logo":{"@type":"ImageObject","inLanguage":"ro-RO","@id":"https:\/\/ofertexl.ro\/#\/schema\/logo\/image\/","url":"https:\/\/ofertexl.ro\/wp-content\/uploads\/2026\/05\/Logo-OFERTEXL.png","contentUrl":"https:\/\/ofertexl.ro\/wp-content\/uploads\/2026\/05\/Logo-OFERTEXL.png","width":400,"height":114,"caption":"Oferte XL"},"image":{"@id":"https:\/\/ofertexl.ro\/#\/schema\/logo\/image\/"}}]}},"_links":{"self":[{"href":"https:\/\/ofertexl.ro\/ro\/wp-json\/wp\/v2\/product\/80372","targetHints":{"allow":["GET"]}}],"collection":[{"href":"https:\/\/ofertexl.ro\/ro\/wp-json\/wp\/v2\/product"}],"about":[{"href":"https:\/\/ofertexl.ro\/ro\/wp-json\/wp\/v2\/types\/product"}],"replies":[{"embeddable":true,"href":"https:\/\/ofertexl.ro\/ro\/wp-json\/wp\/v2\/comments?post=80372"}],"version-history":[{"count":0,"href":"https:\/\/ofertexl.ro\/ro\/wp-json\/wp\/v2\/product\/80372\/revisions"}],"wp:featuredmedia":[{"embeddable":true,"href":"https:\/\/ofertexl.ro\/ro\/wp-json\/wp\/v2\/media\/29031"}],"wp:attachment":[{"href":"https:\/\/ofertexl.ro\/ro\/wp-json\/wp\/v2\/media?parent=80372"}],"wp:term":[{"taxonomy":"product_brand","embeddable":true,"href":"https:\/\/ofertexl.ro\/ro\/wp-json\/wp\/v2\/product_brand?post=80372"},{"taxonomy":"product_cat","embeddable":true,"href":"https:\/\/ofertexl.ro\/ro\/wp-json\/wp\/v2\/product_cat?post=80372"},{"taxonomy":"product_tag","embeddable":true,"href":"https:\/\/ofertexl.ro\/ro\/wp-json\/wp\/v2\/product_tag?post=80372"}],"curies":[{"name":"wp","href":"https:\/\/api.w.org\/{rel}","templated":true}]}}