{"id":52819,"date":"2026-05-21T00:35:55","date_gmt":"2026-05-20T21:35:55","guid":{"rendered":"https:\/\/ofertexl.ro\/produs\/aspirator-portabil-reincarcabil-andowl-q-cm8-pentru-acarieni-si-praf\/"},"modified":"2026-09-05T03:18:27","modified_gmt":"2026-09-05T00:18:27","slug":"aspirator-portabil-reincarcabil-andowl-q-cm8-pentru-acarieni-si-praf","status":"publish","type":"product","link":"https:\/\/ofertexl.ro\/ro\/produs\/aspirator-portabil-reincarcabil-andowl-q-cm8-pentru-acarieni-si-praf\/","title":{"rendered":"Aspirator portabil reincarcabil Andowl Q CM8 pentru acarieni si praf"},"content":{"rendered":"<p>Elibereaz\u0103-\u021bi patul de invadatori invizibili. Descoperi\u021bi solu\u021bia definitiv\u0103 pentru eliminarea acarienilor de praf \u0219i pentru a v\u0103 men\u021bine mediul liber de alergeni. Imagineaz\u0103-\u021bi o lume \u00een care acarienii din patul t\u0103u \u00ee\u021bi distrug s\u0103n\u0103tatea. Amenin\u021barea persistent\u0103 a alergiilor \u0219i a problemelor respiratorii se agraveaz\u0103. Nu-\u021bi l\u0103sa odihna s\u0103 fie invadat\u0103 de ace\u0219ti mici du\u0219mani invizibili! Cu aspiratorul nostru pentru \u00eendep\u0103rtarea acarienilor, oferim r\u0103spunsul la aceast\u0103 invazie t\u0103cut\u0103. Dezvoltat cu cea mai recent\u0103 tehnologie, acest aspirator este cheia pentru un mediu de dormit s\u0103n\u0103tos, f\u0103r\u0103 acarieni. Beneficii: \u2022 Eliminarea eficienta a acarienilor si alergenilor: Asigura un mediu lipsit de invadatori invizibili, promovand odihna sanatoasa. \u2022 \u00cengrijirea \u0219i prelungirea duratei de via\u021b\u0103 util\u0103 a lenjeriei de pat: Men\u021bine\u021bi calitatea \u021bes\u0103turilor dumneavoastr\u0103, asigur\u00e2nd nu numai igiena, ci \u0219i durabilitatea patului dumneavoastr\u0103. \u2022 Design wireless pentru un confort sporit: faciliteaz\u0103 mobilitatea \u0219i utilizarea, f\u0103r\u0103 constr\u00e2ngerile cablurilor pentru o experien\u021b\u0103 mai practic\u0103. \u2022 Flexibilitate pe mai multe suprafe\u021be: nu se limiteaz\u0103 doar la pat. Eficacitatea sa se extinde la alte mobilier \u0219i suprafe\u021be, oferind o solu\u021bie complet\u0103 pentru casa ta. \u2022 Tehnologie avansat\u0103 de filtrare: asigur\u0103 un mediu mai curat, mai s\u0103n\u0103tos prin captarea particulelor fine, men\u021bin\u00e2nd aerul din casa dumneavoastr\u0103 proasp\u0103t \u0219i curat. Caracteristici: \u2022 Aspira\u021bie puternic\u0103 \u2022 Tehnologie f\u0103r\u0103 fir pentru utilizare u\u0219oar\u0103. \u2022 Design compact \u0219i u\u0219or de utilizat. \u2022 Sistem avansat de filtrare.<\/p>\n","protected":false},"excerpt":{"rendered":"<p>Elibereaz\u0103-\u021bi patul de invadatori invizibili. Descoperi\u021bi solu\u021bia definitiv\u0103 pentru eliminarea acarienilor de praf \u0219i pentru a v\u0103 men\u021bine mediul liber<\/p>\n","protected":false},"featured_media":29031,"comment_status":"open","ping_status":"closed","template":"","meta":[],"product_brand":[],"product_cat":[491,141],"product_tag":[],"class_list":["post-52819","product","type-product","status-publish","has-post-thumbnail","product_cat-aspiratoare-curatenie","product_cat-casa","first","instock","sale","shipping-taxable","product-type-external"],"yoast_head":"<!-- This site is optimized with the Yoast SEO plugin v27.6 - https:\/\/yoast.com\/product\/yoast-seo-wordpress\/ -->\n<title>Aspirator portabil pentru acarieni \u0219i praf - Andowl Q CM8<\/title>\n<meta name=\"description\" content=\"Elibereaz\u0103-\u021bi patul de acarieni \u0219i praf cu aspiratorul nostru portabil \u0219i reincarcabil. Cump\u0103r\u0103 acum \u0219i men\u021bine mediul liber de alergeni!\" \/>\n<meta name=\"robots\" content=\"index, follow, max-snippet:-1, max-image-preview:large, max-video-preview:-1\" \/>\n<link rel=\"canonical\" href=\"https:\/\/ofertexl.ro\/ro\/produs\/aspirator-portabil-reincarcabil-andowl-q-cm8-pentru-acarieni-si-praf\/\" \/>\n<meta property=\"og:locale\" content=\"ro_RO\" \/>\n<meta property=\"og:type\" content=\"article\" \/>\n<meta property=\"og:title\" content=\"Aspirator portabil pentru acarieni \u0219i praf - Andowl Q CM8\" \/>\n<meta property=\"og:description\" content=\"Elibereaz\u0103-\u021bi patul de acarieni \u0219i praf cu aspiratorul nostru portabil \u0219i reincarcabil. Cump\u0103r\u0103 acum \u0219i men\u021bine mediul liber de alergeni!\" \/>\n<meta property=\"og:url\" content=\"https:\/\/ofertexl.ro\/ro\/produs\/aspirator-portabil-reincarcabil-andowl-q-cm8-pentru-acarieni-si-praf\/\" \/>\n<meta property=\"og:site_name\" content=\"Oferte XL\" \/>\n<meta property=\"article:modified_time\" content=\"2026-09-05T00:18:27+00:00\" \/>\n<meta property=\"og:image\" content=\"https:\/\/ofertexl.ro\/wp-content\/uploads\/2026\/05\/ChatGPT-Image-19-mai-2026-19_30_49-1.png\" \/>\n\t<meta property=\"og:image:width\" content=\"1672\" \/>\n\t<meta property=\"og:image:height\" content=\"941\" \/>\n\t<meta property=\"og:image:type\" content=\"image\/png\" \/>\n<meta name=\"twitter:card\" content=\"summary_large_image\" \/>\n<meta name=\"twitter:label1\" content=\"Timp estimat pentru citire\" \/>\n\t<meta name=\"twitter:data1\" content=\"1 minut\" \/>\n<script type=\"application\/ld+json\" class=\"yoast-schema-graph\">{\"@context\":\"https:\\\/\\\/schema.org\",\"@graph\":[{\"@type\":\"WebPage\",\"@id\":\"https:\\\/\\\/ofertexl.ro\\\/produs\\\/aspirator-portabil-reincarcabil-andowl-q-cm8-pentru-acarieni-si-praf\\\/\",\"url\":\"https:\\\/\\\/ofertexl.ro\\\/produs\\\/aspirator-portabil-reincarcabil-andowl-q-cm8-pentru-acarieni-si-praf\\\/\",\"name\":\"Aspirator portabil pentru acarieni \u0219i praf - Andowl Q CM8\",\"isPartOf\":{\"@id\":\"https:\\\/\\\/ofertexl.ro\\\/#website\"},\"primaryImageOfPage\":{\"@id\":\"https:\\\/\\\/ofertexl.ro\\\/produs\\\/aspirator-portabil-reincarcabil-andowl-q-cm8-pentru-acarieni-si-praf\\\/#primaryimage\"},\"image\":{\"@id\":\"https:\\\/\\\/ofertexl.ro\\\/produs\\\/aspirator-portabil-reincarcabil-andowl-q-cm8-pentru-acarieni-si-praf\\\/#primaryimage\"},\"thumbnailUrl\":\"https:\\\/\\\/gave.ro\\\/image\\\/catalog\\\/CATEGORII_OK\\\/aspirator_portabil_reincarcabil_andowl_q_cm8_pentru_acarieni_si_praf.png\",\"datePublished\":\"2026-05-20T21:35:55+00:00\",\"dateModified\":\"2026-09-05T00:18:27+00:00\",\"description\":\"Elibereaz\u0103-\u021bi patul de acarieni \u0219i praf cu aspiratorul nostru portabil \u0219i reincarcabil. Cump\u0103r\u0103 acum \u0219i men\u021bine mediul liber de alergeni!\",\"breadcrumb\":{\"@id\":\"https:\\\/\\\/ofertexl.ro\\\/produs\\\/aspirator-portabil-reincarcabil-andowl-q-cm8-pentru-acarieni-si-praf\\\/#breadcrumb\"},\"inLanguage\":\"ro-RO\",\"potentialAction\":[{\"@type\":\"ReadAction\",\"target\":[\"https:\\\/\\\/ofertexl.ro\\\/produs\\\/aspirator-portabil-reincarcabil-andowl-q-cm8-pentru-acarieni-si-praf\\\/\"]}]},{\"@type\":\"ImageObject\",\"inLanguage\":\"ro-RO\",\"@id\":\"https:\\\/\\\/ofertexl.ro\\\/produs\\\/aspirator-portabil-reincarcabil-andowl-q-cm8-pentru-acarieni-si-praf\\\/#primaryimage\",\"url\":\"https:\\\/\\\/gave.ro\\\/image\\\/catalog\\\/CATEGORII_OK\\\/aspirator_portabil_reincarcabil_andowl_q_cm8_pentru_acarieni_si_praf.png\",\"contentUrl\":\"https:\\\/\\\/gave.ro\\\/image\\\/catalog\\\/CATEGORII_OK\\\/aspirator_portabil_reincarcabil_andowl_q_cm8_pentru_acarieni_si_praf.png\"},{\"@type\":\"BreadcrumbList\",\"@id\":\"https:\\\/\\\/ofertexl.ro\\\/produs\\\/aspirator-portabil-reincarcabil-andowl-q-cm8-pentru-acarieni-si-praf\\\/#breadcrumb\",\"itemListElement\":[{\"@type\":\"ListItem\",\"position\":1,\"name\":\"Home\",\"item\":\"https:\\\/\\\/ofertexl.ro\\\/\"},{\"@type\":\"ListItem\",\"position\":2,\"name\":\"Shop\",\"item\":\"https:\\\/\\\/ofertexl.ro\\\/shop\\\/\"},{\"@type\":\"ListItem\",\"position\":3,\"name\":\"Aspirator portabil reincarcabil Andowl Q CM8 pentru acarieni si praf\"}]},{\"@type\":\"WebSite\",\"@id\":\"https:\\\/\\\/ofertexl.ro\\\/#website\",\"url\":\"https:\\\/\\\/ofertexl.ro\\\/\",\"name\":\"Oferte XL\",\"description\":\"Toate reducerile intr-un singur loc!\",\"publisher\":{\"@id\":\"https:\\\/\\\/ofertexl.ro\\\/#organization\"},\"potentialAction\":[{\"@type\":\"SearchAction\",\"target\":{\"@type\":\"EntryPoint\",\"urlTemplate\":\"https:\\\/\\\/ofertexl.ro\\\/?s={search_term_string}\"},\"query-input\":{\"@type\":\"PropertyValueSpecification\",\"valueRequired\":true,\"valueName\":\"search_term_string\"}}],\"inLanguage\":\"ro-RO\"},{\"@type\":\"Organization\",\"@id\":\"https:\\\/\\\/ofertexl.ro\\\/#organization\",\"name\":\"Oferte XL\",\"url\":\"https:\\\/\\\/ofertexl.ro\\\/\",\"logo\":{\"@type\":\"ImageObject\",\"inLanguage\":\"ro-RO\",\"@id\":\"https:\\\/\\\/ofertexl.ro\\\/#\\\/schema\\\/logo\\\/image\\\/\",\"url\":\"https:\\\/\\\/ofertexl.ro\\\/wp-content\\\/uploads\\\/2026\\\/05\\\/Logo-OFERTEXL.png\",\"contentUrl\":\"https:\\\/\\\/ofertexl.ro\\\/wp-content\\\/uploads\\\/2026\\\/05\\\/Logo-OFERTEXL.png\",\"width\":400,\"height\":114,\"caption\":\"Oferte XL\"},\"image\":{\"@id\":\"https:\\\/\\\/ofertexl.ro\\\/#\\\/schema\\\/logo\\\/image\\\/\"}}]}<\/script>\n<!-- \/ Yoast SEO plugin. -->","yoast_head_json":{"title":"Aspirator portabil pentru acarieni \u0219i praf - Andowl Q CM8","description":"Elibereaz\u0103-\u021bi patul de acarieni \u0219i praf cu aspiratorul nostru portabil \u0219i reincarcabil. Cump\u0103r\u0103 acum \u0219i men\u021bine mediul liber de alergeni!","robots":{"index":"index","follow":"follow","max-snippet":"max-snippet:-1","max-image-preview":"max-image-preview:large","max-video-preview":"max-video-preview:-1"},"canonical":"https:\/\/ofertexl.ro\/ro\/produs\/aspirator-portabil-reincarcabil-andowl-q-cm8-pentru-acarieni-si-praf\/","og_locale":"ro_RO","og_type":"article","og_title":"Aspirator portabil pentru acarieni \u0219i praf - Andowl Q CM8","og_description":"Elibereaz\u0103-\u021bi patul de acarieni \u0219i praf cu aspiratorul nostru portabil \u0219i reincarcabil. Cump\u0103r\u0103 acum \u0219i men\u021bine mediul liber de alergeni!","og_url":"https:\/\/ofertexl.ro\/ro\/produs\/aspirator-portabil-reincarcabil-andowl-q-cm8-pentru-acarieni-si-praf\/","og_site_name":"Oferte XL","article_modified_time":"2026-09-05T00:18:27+00:00","og_image":[{"width":1672,"height":941,"url":"https:\/\/ofertexl.ro\/wp-content\/uploads\/2026\/05\/ChatGPT-Image-19-mai-2026-19_30_49-1.png","type":"image\/png"}],"twitter_card":"summary_large_image","twitter_misc":{"Timp estimat pentru citire":"1 minut"},"schema":{"@context":"https:\/\/schema.org","@graph":[{"@type":"WebPage","@id":"https:\/\/ofertexl.ro\/produs\/aspirator-portabil-reincarcabil-andowl-q-cm8-pentru-acarieni-si-praf\/","url":"https:\/\/ofertexl.ro\/produs\/aspirator-portabil-reincarcabil-andowl-q-cm8-pentru-acarieni-si-praf\/","name":"Aspirator portabil pentru acarieni \u0219i praf - Andowl Q CM8","isPartOf":{"@id":"https:\/\/ofertexl.ro\/#website"},"primaryImageOfPage":{"@id":"https:\/\/ofertexl.ro\/produs\/aspirator-portabil-reincarcabil-andowl-q-cm8-pentru-acarieni-si-praf\/#primaryimage"},"image":{"@id":"https:\/\/ofertexl.ro\/produs\/aspirator-portabil-reincarcabil-andowl-q-cm8-pentru-acarieni-si-praf\/#primaryimage"},"thumbnailUrl":"https:\/\/gave.ro\/image\/catalog\/CATEGORII_OK\/aspirator_portabil_reincarcabil_andowl_q_cm8_pentru_acarieni_si_praf.png","datePublished":"2026-05-20T21:35:55+00:00","dateModified":"2026-09-05T00:18:27+00:00","description":"Elibereaz\u0103-\u021bi patul de acarieni \u0219i praf cu aspiratorul nostru portabil \u0219i reincarcabil. Cump\u0103r\u0103 acum \u0219i men\u021bine mediul liber de alergeni!","breadcrumb":{"@id":"https:\/\/ofertexl.ro\/produs\/aspirator-portabil-reincarcabil-andowl-q-cm8-pentru-acarieni-si-praf\/#breadcrumb"},"inLanguage":"ro-RO","potentialAction":[{"@type":"ReadAction","target":["https:\/\/ofertexl.ro\/produs\/aspirator-portabil-reincarcabil-andowl-q-cm8-pentru-acarieni-si-praf\/"]}]},{"@type":"ImageObject","inLanguage":"ro-RO","@id":"https:\/\/ofertexl.ro\/produs\/aspirator-portabil-reincarcabil-andowl-q-cm8-pentru-acarieni-si-praf\/#primaryimage","url":"https:\/\/gave.ro\/image\/catalog\/CATEGORII_OK\/aspirator_portabil_reincarcabil_andowl_q_cm8_pentru_acarieni_si_praf.png","contentUrl":"https:\/\/gave.ro\/image\/catalog\/CATEGORII_OK\/aspirator_portabil_reincarcabil_andowl_q_cm8_pentru_acarieni_si_praf.png"},{"@type":"BreadcrumbList","@id":"https:\/\/ofertexl.ro\/produs\/aspirator-portabil-reincarcabil-andowl-q-cm8-pentru-acarieni-si-praf\/#breadcrumb","itemListElement":[{"@type":"ListItem","position":1,"name":"Home","item":"https:\/\/ofertexl.ro\/"},{"@type":"ListItem","position":2,"name":"Shop","item":"https:\/\/ofertexl.ro\/shop\/"},{"@type":"ListItem","position":3,"name":"Aspirator portabil reincarcabil Andowl Q CM8 pentru acarieni si praf"}]},{"@type":"WebSite","@id":"https:\/\/ofertexl.ro\/#website","url":"https:\/\/ofertexl.ro\/","name":"Oferte XL","description":"Toate reducerile intr-un singur loc!","publisher":{"@id":"https:\/\/ofertexl.ro\/#organization"},"potentialAction":[{"@type":"SearchAction","target":{"@type":"EntryPoint","urlTemplate":"https:\/\/ofertexl.ro\/?s={search_term_string}"},"query-input":{"@type":"PropertyValueSpecification","valueRequired":true,"valueName":"search_term_string"}}],"inLanguage":"ro-RO"},{"@type":"Organization","@id":"https:\/\/ofertexl.ro\/#organization","name":"Oferte XL","url":"https:\/\/ofertexl.ro\/","logo":{"@type":"ImageObject","inLanguage":"ro-RO","@id":"https:\/\/ofertexl.ro\/#\/schema\/logo\/image\/","url":"https:\/\/ofertexl.ro\/wp-content\/uploads\/2026\/05\/Logo-OFERTEXL.png","contentUrl":"https:\/\/ofertexl.ro\/wp-content\/uploads\/2026\/05\/Logo-OFERTEXL.png","width":400,"height":114,"caption":"Oferte XL"},"image":{"@id":"https:\/\/ofertexl.ro\/#\/schema\/logo\/image\/"}}]}},"_links":{"self":[{"href":"https:\/\/ofertexl.ro\/ro\/wp-json\/wp\/v2\/product\/52819","targetHints":{"allow":["GET"]}}],"collection":[{"href":"https:\/\/ofertexl.ro\/ro\/wp-json\/wp\/v2\/product"}],"about":[{"href":"https:\/\/ofertexl.ro\/ro\/wp-json\/wp\/v2\/types\/product"}],"replies":[{"embeddable":true,"href":"https:\/\/ofertexl.ro\/ro\/wp-json\/wp\/v2\/comments?post=52819"}],"version-history":[{"count":0,"href":"https:\/\/ofertexl.ro\/ro\/wp-json\/wp\/v2\/product\/52819\/revisions"}],"wp:featuredmedia":[{"embeddable":true,"href":"https:\/\/ofertexl.ro\/ro\/wp-json\/wp\/v2\/media\/29031"}],"wp:attachment":[{"href":"https:\/\/ofertexl.ro\/ro\/wp-json\/wp\/v2\/media?parent=52819"}],"wp:term":[{"taxonomy":"product_brand","embeddable":true,"href":"https:\/\/ofertexl.ro\/ro\/wp-json\/wp\/v2\/product_brand?post=52819"},{"taxonomy":"product_cat","embeddable":true,"href":"https:\/\/ofertexl.ro\/ro\/wp-json\/wp\/v2\/product_cat?post=52819"},{"taxonomy":"product_tag","embeddable":true,"href":"https:\/\/ofertexl.ro\/ro\/wp-json\/wp\/v2\/product_tag?post=52819"}],"curies":[{"name":"wp","href":"https:\/\/api.w.org\/{rel}","templated":true}]}}