{"id":45546,"date":"2026-05-20T13:29:50","date_gmt":"2026-05-20T10:29:50","guid":{"rendered":"https:\/\/ofertexl.ro\/index.php\/product\/fotoliu-milano-maro-picioare-lemn\/"},"modified":"2026-09-03T00:30:29","modified_gmt":"2026-09-02T21:30:29","slug":"fotoliu-milano-maro-picioare-lemn","status":"publish","type":"product","link":"https:\/\/ofertexl.ro\/ro\/produs\/fotoliu-milano-maro-picioare-lemn\/","title":{"rendered":"Fotoliu Milano maro, picioare lemn"},"content":{"rendered":"<h2>Fotoliu Milano: Un Model Comod pentru Tine<\/h2>\n<p>Fotoliu Milano, maro, picioare lemn, un model comod pentru tine, care \u00ee\u021bi ofer\u0103 confort \u0219i elegan\u021b\u0103 \u00een orice \u00eenc\u0103pere.<\/p>\n<h3>Dimensiuni \u0219i Caracteristici<\/h3>\n<p>Dimensiunile acestui fotoliu sunt: L 68 cm, ad\u00e2ncime 68 cm, \u00een\u0103l\u021bime f\u0103r\u0103 picioare 50 cm, \u00een\u0103l\u021bime p\u00e2n\u0103 la scaun (picioarele: 30 cm).<\/p>\n<h2>Detalii Tehnice<\/h2>\n<p>Pretul este pentru 1 buc fotoliu. Fotoliul are picioare de lemn masiv, ceea ce \u00eei confer\u0103 o stabilitate \u0219i o durabilitate sporit\u0103.<\/p>\n<h3>Caracteristici Principale<\/h3>\n<ul>\n<li>Culoare: Maro<\/li>\n<li>Picioare: Lemn<\/li>\n<li>Dimensiuni: L 68 cm, ad\u00e2ncime 68 cm, \u00een\u0103l\u021bime f\u0103r\u0103 picioare 50 cm, \u00een\u0103l\u021bime p\u00e2n\u0103 la scaun (picioarele: 30 cm)<\/li>\n<\/ul>\n<h2>Beneficii \u0219i Avantaje<\/h2>\n<p>Acest fotoliu Milano ofer\u0103 un confort sporit \u0219i o elegan\u021b\u0103 deosebit\u0103, fiind ideal pentru orice \u00eenc\u0103pere. <strong>Este o alegere excelent\u0103 pentru cei care caut\u0103 un mobilier de calitate \u0219i durabil.<\/strong><\/p>\n<p>Comanda\u021bi acum \u0219i bucura\u021bi-v\u0103 de confortul \u0219i elegan\u021ba oferite de fotoliul Milano!<\/p>\n","protected":false},"excerpt":{"rendered":"<p>Fotoliu Milano: Un Model Comod pentru Tine Fotoliu Milano, maro, picioare lemn, un model comod pentru tine, care \u00ee\u021bi ofer\u0103<\/p>\n","protected":false},"featured_media":29031,"comment_status":"open","ping_status":"closed","template":"","meta":[],"product_brand":[],"product_cat":[188,233],"product_tag":[],"class_list":["post-45546","product","type-product","status-publish","has-post-thumbnail","product_cat-living","product_cat-set-canapele-si-fotolii","first","instock","sale","shipping-taxable","product-type-external"],"yoast_head":"<!-- This site is optimized with the Yoast SEO plugin v27.6 - https:\/\/yoast.com\/product\/yoast-seo-wordpress\/ -->\n<title>Fotoliu Milano Maro - Comod \u0219i Elegant<\/title>\n<meta name=\"description\" content=\"&quot;Descoper\u0103 fotoliul Milano maro cu picioare de lemn, un model comod \u0219i elegant pentru orice \u00eenc\u0103pere. Cump\u0103r\u0103 acum \u0219i beneficieaz\u0103 de confort \u0219i elegan\u021b\u0103!&quot;\" \/>\n<meta name=\"robots\" content=\"index, follow, max-snippet:-1, max-image-preview:large, max-video-preview:-1\" \/>\n<link rel=\"canonical\" href=\"https:\/\/ofertexl.ro\/ro\/produs\/fotoliu-milano-maro-picioare-lemn\/\" \/>\n<meta property=\"og:locale\" content=\"ro_RO\" \/>\n<meta property=\"og:type\" content=\"article\" \/>\n<meta property=\"og:title\" content=\"Fotoliu Milano Maro - Comod \u0219i Elegant\" \/>\n<meta property=\"og:description\" content=\"&quot;Descoper\u0103 fotoliul Milano maro cu picioare de lemn, un model comod \u0219i elegant pentru orice \u00eenc\u0103pere. Cump\u0103r\u0103 acum \u0219i beneficieaz\u0103 de confort \u0219i elegan\u021b\u0103!&quot;\" \/>\n<meta property=\"og:url\" content=\"https:\/\/ofertexl.ro\/ro\/produs\/fotoliu-milano-maro-picioare-lemn\/\" \/>\n<meta property=\"og:site_name\" content=\"Oferte XL\" \/>\n<meta property=\"article:modified_time\" content=\"2026-09-02T21:30:29+00:00\" \/>\n<meta property=\"og:image\" content=\"https:\/\/ofertexl.ro\/wp-content\/uploads\/2026\/05\/ChatGPT-Image-19-mai-2026-19_30_49-1.png\" \/>\n\t<meta property=\"og:image:width\" content=\"1672\" \/>\n\t<meta property=\"og:image:height\" content=\"941\" \/>\n\t<meta property=\"og:image:type\" content=\"image\/png\" \/>\n<meta name=\"twitter:card\" content=\"summary_large_image\" \/>\n<meta name=\"twitter:label1\" content=\"Timp estimat pentru citire\" \/>\n\t<meta name=\"twitter:data1\" content=\"1 minut\" \/>\n<script type=\"application\/ld+json\" class=\"yoast-schema-graph\">{\"@context\":\"https:\\\/\\\/schema.org\",\"@graph\":[{\"@type\":\"WebPage\",\"@id\":\"https:\\\/\\\/ofertexl.ro\\\/produs\\\/fotoliu-milano-maro-picioare-lemn\\\/\",\"url\":\"https:\\\/\\\/ofertexl.ro\\\/produs\\\/fotoliu-milano-maro-picioare-lemn\\\/\",\"name\":\"Fotoliu Milano Maro - Comod \u0219i Elegant\",\"isPartOf\":{\"@id\":\"https:\\\/\\\/ofertexl.ro\\\/#website\"},\"primaryImageOfPage\":{\"@id\":\"https:\\\/\\\/ofertexl.ro\\\/produs\\\/fotoliu-milano-maro-picioare-lemn\\\/#primaryimage\"},\"image\":{\"@id\":\"https:\\\/\\\/ofertexl.ro\\\/produs\\\/fotoliu-milano-maro-picioare-lemn\\\/#primaryimage\"},\"thumbnailUrl\":\"https:\\\/\\\/homs.b-cdn.net\\\/uploads\\\/images\\\/2023\\\/9\\\/12\\\/big-set-canapea-fotoliu-milano-maro-ap2d.webp\",\"datePublished\":\"2026-05-20T10:29:50+00:00\",\"dateModified\":\"2026-09-02T21:30:29+00:00\",\"description\":\"\\\"Descoper\u0103 fotoliul Milano maro cu picioare de lemn, un model comod \u0219i elegant pentru orice \u00eenc\u0103pere. Cump\u0103r\u0103 acum \u0219i beneficieaz\u0103 de confort \u0219i elegan\u021b\u0103!\\\"\",\"breadcrumb\":{\"@id\":\"https:\\\/\\\/ofertexl.ro\\\/produs\\\/fotoliu-milano-maro-picioare-lemn\\\/#breadcrumb\"},\"inLanguage\":\"ro-RO\",\"potentialAction\":[{\"@type\":\"ReadAction\",\"target\":[\"https:\\\/\\\/ofertexl.ro\\\/produs\\\/fotoliu-milano-maro-picioare-lemn\\\/\"]}]},{\"@type\":\"ImageObject\",\"inLanguage\":\"ro-RO\",\"@id\":\"https:\\\/\\\/ofertexl.ro\\\/produs\\\/fotoliu-milano-maro-picioare-lemn\\\/#primaryimage\",\"url\":\"https:\\\/\\\/homs.b-cdn.net\\\/uploads\\\/images\\\/2023\\\/9\\\/12\\\/big-set-canapea-fotoliu-milano-maro-ap2d.webp\",\"contentUrl\":\"https:\\\/\\\/homs.b-cdn.net\\\/uploads\\\/images\\\/2023\\\/9\\\/12\\\/big-set-canapea-fotoliu-milano-maro-ap2d.webp\"},{\"@type\":\"BreadcrumbList\",\"@id\":\"https:\\\/\\\/ofertexl.ro\\\/produs\\\/fotoliu-milano-maro-picioare-lemn\\\/#breadcrumb\",\"itemListElement\":[{\"@type\":\"ListItem\",\"position\":1,\"name\":\"Home\",\"item\":\"https:\\\/\\\/ofertexl.ro\\\/\"},{\"@type\":\"ListItem\",\"position\":2,\"name\":\"Shop\",\"item\":\"https:\\\/\\\/ofertexl.ro\\\/shop\\\/\"},{\"@type\":\"ListItem\",\"position\":3,\"name\":\"Fotoliu Milano maro, picioare lemn\"}]},{\"@type\":\"WebSite\",\"@id\":\"https:\\\/\\\/ofertexl.ro\\\/#website\",\"url\":\"https:\\\/\\\/ofertexl.ro\\\/\",\"name\":\"Oferte XL\",\"description\":\"Toate reducerile intr-un singur loc!\",\"publisher\":{\"@id\":\"https:\\\/\\\/ofertexl.ro\\\/#organization\"},\"potentialAction\":[{\"@type\":\"SearchAction\",\"target\":{\"@type\":\"EntryPoint\",\"urlTemplate\":\"https:\\\/\\\/ofertexl.ro\\\/?s={search_term_string}\"},\"query-input\":{\"@type\":\"PropertyValueSpecification\",\"valueRequired\":true,\"valueName\":\"search_term_string\"}}],\"inLanguage\":\"ro-RO\"},{\"@type\":\"Organization\",\"@id\":\"https:\\\/\\\/ofertexl.ro\\\/#organization\",\"name\":\"Oferte XL\",\"url\":\"https:\\\/\\\/ofertexl.ro\\\/\",\"logo\":{\"@type\":\"ImageObject\",\"inLanguage\":\"ro-RO\",\"@id\":\"https:\\\/\\\/ofertexl.ro\\\/#\\\/schema\\\/logo\\\/image\\\/\",\"url\":\"https:\\\/\\\/ofertexl.ro\\\/wp-content\\\/uploads\\\/2026\\\/05\\\/Logo-OFERTEXL.png\",\"contentUrl\":\"https:\\\/\\\/ofertexl.ro\\\/wp-content\\\/uploads\\\/2026\\\/05\\\/Logo-OFERTEXL.png\",\"width\":400,\"height\":114,\"caption\":\"Oferte XL\"},\"image\":{\"@id\":\"https:\\\/\\\/ofertexl.ro\\\/#\\\/schema\\\/logo\\\/image\\\/\"}}]}<\/script>\n<!-- \/ Yoast SEO plugin. -->","yoast_head_json":{"title":"Fotoliu Milano Maro - Comod \u0219i Elegant","description":"\"Descoper\u0103 fotoliul Milano maro cu picioare de lemn, un model comod \u0219i elegant pentru orice \u00eenc\u0103pere. Cump\u0103r\u0103 acum \u0219i beneficieaz\u0103 de confort \u0219i elegan\u021b\u0103!\"","robots":{"index":"index","follow":"follow","max-snippet":"max-snippet:-1","max-image-preview":"max-image-preview:large","max-video-preview":"max-video-preview:-1"},"canonical":"https:\/\/ofertexl.ro\/ro\/produs\/fotoliu-milano-maro-picioare-lemn\/","og_locale":"ro_RO","og_type":"article","og_title":"Fotoliu Milano Maro - Comod \u0219i Elegant","og_description":"\"Descoper\u0103 fotoliul Milano maro cu picioare de lemn, un model comod \u0219i elegant pentru orice \u00eenc\u0103pere. Cump\u0103r\u0103 acum \u0219i beneficieaz\u0103 de confort \u0219i elegan\u021b\u0103!\"","og_url":"https:\/\/ofertexl.ro\/ro\/produs\/fotoliu-milano-maro-picioare-lemn\/","og_site_name":"Oferte XL","article_modified_time":"2026-09-02T21:30:29+00:00","og_image":[{"width":1672,"height":941,"url":"https:\/\/ofertexl.ro\/wp-content\/uploads\/2026\/05\/ChatGPT-Image-19-mai-2026-19_30_49-1.png","type":"image\/png"}],"twitter_card":"summary_large_image","twitter_misc":{"Timp estimat pentru citire":"1 minut"},"schema":{"@context":"https:\/\/schema.org","@graph":[{"@type":"WebPage","@id":"https:\/\/ofertexl.ro\/produs\/fotoliu-milano-maro-picioare-lemn\/","url":"https:\/\/ofertexl.ro\/produs\/fotoliu-milano-maro-picioare-lemn\/","name":"Fotoliu Milano Maro - Comod \u0219i Elegant","isPartOf":{"@id":"https:\/\/ofertexl.ro\/#website"},"primaryImageOfPage":{"@id":"https:\/\/ofertexl.ro\/produs\/fotoliu-milano-maro-picioare-lemn\/#primaryimage"},"image":{"@id":"https:\/\/ofertexl.ro\/produs\/fotoliu-milano-maro-picioare-lemn\/#primaryimage"},"thumbnailUrl":"https:\/\/homs.b-cdn.net\/uploads\/images\/2023\/9\/12\/big-set-canapea-fotoliu-milano-maro-ap2d.webp","datePublished":"2026-05-20T10:29:50+00:00","dateModified":"2026-09-02T21:30:29+00:00","description":"\"Descoper\u0103 fotoliul Milano maro cu picioare de lemn, un model comod \u0219i elegant pentru orice \u00eenc\u0103pere. Cump\u0103r\u0103 acum \u0219i beneficieaz\u0103 de confort \u0219i elegan\u021b\u0103!\"","breadcrumb":{"@id":"https:\/\/ofertexl.ro\/produs\/fotoliu-milano-maro-picioare-lemn\/#breadcrumb"},"inLanguage":"ro-RO","potentialAction":[{"@type":"ReadAction","target":["https:\/\/ofertexl.ro\/produs\/fotoliu-milano-maro-picioare-lemn\/"]}]},{"@type":"ImageObject","inLanguage":"ro-RO","@id":"https:\/\/ofertexl.ro\/produs\/fotoliu-milano-maro-picioare-lemn\/#primaryimage","url":"https:\/\/homs.b-cdn.net\/uploads\/images\/2023\/9\/12\/big-set-canapea-fotoliu-milano-maro-ap2d.webp","contentUrl":"https:\/\/homs.b-cdn.net\/uploads\/images\/2023\/9\/12\/big-set-canapea-fotoliu-milano-maro-ap2d.webp"},{"@type":"BreadcrumbList","@id":"https:\/\/ofertexl.ro\/produs\/fotoliu-milano-maro-picioare-lemn\/#breadcrumb","itemListElement":[{"@type":"ListItem","position":1,"name":"Home","item":"https:\/\/ofertexl.ro\/"},{"@type":"ListItem","position":2,"name":"Shop","item":"https:\/\/ofertexl.ro\/shop\/"},{"@type":"ListItem","position":3,"name":"Fotoliu Milano maro, picioare lemn"}]},{"@type":"WebSite","@id":"https:\/\/ofertexl.ro\/#website","url":"https:\/\/ofertexl.ro\/","name":"Oferte XL","description":"Toate reducerile intr-un singur loc!","publisher":{"@id":"https:\/\/ofertexl.ro\/#organization"},"potentialAction":[{"@type":"SearchAction","target":{"@type":"EntryPoint","urlTemplate":"https:\/\/ofertexl.ro\/?s={search_term_string}"},"query-input":{"@type":"PropertyValueSpecification","valueRequired":true,"valueName":"search_term_string"}}],"inLanguage":"ro-RO"},{"@type":"Organization","@id":"https:\/\/ofertexl.ro\/#organization","name":"Oferte XL","url":"https:\/\/ofertexl.ro\/","logo":{"@type":"ImageObject","inLanguage":"ro-RO","@id":"https:\/\/ofertexl.ro\/#\/schema\/logo\/image\/","url":"https:\/\/ofertexl.ro\/wp-content\/uploads\/2026\/05\/Logo-OFERTEXL.png","contentUrl":"https:\/\/ofertexl.ro\/wp-content\/uploads\/2026\/05\/Logo-OFERTEXL.png","width":400,"height":114,"caption":"Oferte XL"},"image":{"@id":"https:\/\/ofertexl.ro\/#\/schema\/logo\/image\/"}}]}},"_links":{"self":[{"href":"https:\/\/ofertexl.ro\/ro\/wp-json\/wp\/v2\/product\/45546","targetHints":{"allow":["GET"]}}],"collection":[{"href":"https:\/\/ofertexl.ro\/ro\/wp-json\/wp\/v2\/product"}],"about":[{"href":"https:\/\/ofertexl.ro\/ro\/wp-json\/wp\/v2\/types\/product"}],"replies":[{"embeddable":true,"href":"https:\/\/ofertexl.ro\/ro\/wp-json\/wp\/v2\/comments?post=45546"}],"version-history":[{"count":1,"href":"https:\/\/ofertexl.ro\/ro\/wp-json\/wp\/v2\/product\/45546\/revisions"}],"predecessor-version":[{"id":95398,"href":"https:\/\/ofertexl.ro\/ro\/wp-json\/wp\/v2\/product\/45546\/revisions\/95398"}],"wp:featuredmedia":[{"embeddable":true,"href":"https:\/\/ofertexl.ro\/ro\/wp-json\/wp\/v2\/media\/29031"}],"wp:attachment":[{"href":"https:\/\/ofertexl.ro\/ro\/wp-json\/wp\/v2\/media?parent=45546"}],"wp:term":[{"taxonomy":"product_brand","embeddable":true,"href":"https:\/\/ofertexl.ro\/ro\/wp-json\/wp\/v2\/product_brand?post=45546"},{"taxonomy":"product_cat","embeddable":true,"href":"https:\/\/ofertexl.ro\/ro\/wp-json\/wp\/v2\/product_cat?post=45546"},{"taxonomy":"product_tag","embeddable":true,"href":"https:\/\/ofertexl.ro\/ro\/wp-json\/wp\/v2\/product_tag?post=45546"}],"curies":[{"name":"wp","href":"https:\/\/api.w.org\/{rel}","templated":true}]}}