{"id":45495,"date":"2026-05-20T13:29:33","date_gmt":"2026-05-20T10:29:33","guid":{"rendered":"https:\/\/ofertexl.ro\/index.php\/product\/canapea-2-locuri-viena-bej-auriu\/"},"modified":"2026-09-05T00:30:18","modified_gmt":"2026-09-04T21:30:18","slug":"canapea-2-locuri-viena-bej-auriu","status":"publish","type":"product","link":"https:\/\/ofertexl.ro\/ro\/produs\/canapea-2-locuri-viena-bej-auriu\/","title":{"rendered":"Canapea 2 locuri Viena bej auriu"},"content":{"rendered":"<p>Elegan\u021ba \u00een simplitatea sa &#8211; Canapea 2 locuri, Viena Homs Bej-auriuAdaug\u0103 o not\u0103 de rafinament \u0219i stil \u00een locuin\u021ba ta, cu aceast\u0103 canapea de 2 locuri Viena Homs, \u00een nuan\u021ba de bej, cu detalii aurii. Aceast\u0103 pies\u0103 de mobilier nu doar completeaz\u0103 decorul casei tale, ci adaug\u0103 \u0219i un nivel ridicat de confort, fiind locul perfect pentru a savura cafeaua de diminea\u021b\u0103 sau pentru a te relaxa dup\u0103 o zi lung\u0103.Dimensiuni:&nbsp;Canapea 2 locuri:&nbsp;Lungime: 120 cmAd\u00e2ncime: 55 cm\u00cen\u0103l\u021bime picioare: 32 cm\u00cen\u0103l\u021bime total\u0103: 86 cmCuloare: BEJ&nbsp;Materiale de \u00eenalt\u0103 calitate:BureteTextilMetalCanapeaua Viena Homs aduce un aer de rafinament \u00een orice \u00eenc\u0103pere, fiind potrivit\u0103 pentru living, dormitor sau birou. Cu aceast\u0103 pies\u0103 de mobilier, vei beneficia de confort absolut, iar momentele tale de relaxare vor deveni mai pl\u0103cute ca niciodat\u0103!Exploreaz\u0103 acum \u00eentreaga gam\u0103 de&nbsp;canapele \u0219i fotolii&nbsp;\u0219i vezi care se potrive\u0219te locuin\u021bei tale!Ai&nbsp;fotoliul, ai&nbsp;canapeaua, dar nu ai m\u0103su\u021ba? Venim \u00een ajutorul t\u0103u cu&nbsp;m\u0103su\u021bele de cafea&nbsp;\u0219i cu&nbsp;mesele de buc\u0103t\u0103rie&nbsp;din colec\u021bia noastr\u0103. Astfel, te ajut\u0103m s\u0103 \u00ee\u021bi creezi ambientul perfect pentru zilele de relaxare! Iar dac\u0103 tot e\u0219ti aici, arunc\u0103 o privire \u0219i pe pagina de&nbsp;decora\u021biuni&nbsp;\u0219i bucur\u0103-\u021bi locuin\u021ba cu un nou accesoriu!<\/p>\n","protected":false},"excerpt":{"rendered":"<p>Elegan\u021ba \u00een simplitatea sa &#8211; Canapea 2 locuri, Viena Homs Bej-auriuAdaug\u0103 o not\u0103 de rafinament \u0219i stil \u00een locuin\u021ba ta,<\/p>\n","protected":false},"featured_media":29031,"comment_status":"open","ping_status":"closed","template":"","meta":[],"product_brand":[],"product_cat":[188,233],"product_tag":[],"class_list":["post-45495","product","type-product","status-publish","has-post-thumbnail","product_cat-living","product_cat-set-canapele-si-fotolii","first","instock","sale","shipping-taxable","product-type-external"],"yoast_head":"<!-- This site is optimized with the Yoast SEO plugin v27.6 - https:\/\/yoast.com\/product\/yoast-seo-wordpress\/ -->\n<title>Canapea 2 locuri Viena bej auriu - Magazin online<\/title>\n<meta name=\"description\" content=\"&quot;Descoper\u0103 canapea 2 locuri Viena bej auriu la cel mai bun pre\u021b! Cump\u0103r\u0103 acum \u0219i beneficieaz\u0103 de confort \u0219i stil \u00een locuin\u021ba ta.&quot;\" \/>\n<meta name=\"robots\" content=\"index, follow, max-snippet:-1, max-image-preview:large, max-video-preview:-1\" \/>\n<link rel=\"canonical\" href=\"https:\/\/ofertexl.ro\/ro\/produs\/canapea-2-locuri-viena-bej-auriu\/\" \/>\n<meta property=\"og:locale\" content=\"ro_RO\" \/>\n<meta property=\"og:type\" content=\"article\" \/>\n<meta property=\"og:title\" content=\"Canapea 2 locuri Viena bej auriu - Magazin online\" \/>\n<meta property=\"og:description\" content=\"&quot;Descoper\u0103 canapea 2 locuri Viena bej auriu la cel mai bun pre\u021b! Cump\u0103r\u0103 acum \u0219i beneficieaz\u0103 de confort \u0219i stil \u00een locuin\u021ba ta.&quot;\" \/>\n<meta property=\"og:url\" content=\"https:\/\/ofertexl.ro\/ro\/produs\/canapea-2-locuri-viena-bej-auriu\/\" \/>\n<meta property=\"og:site_name\" content=\"Oferte XL\" \/>\n<meta property=\"article:modified_time\" content=\"2026-09-04T21:30:18+00:00\" \/>\n<meta property=\"og:image\" content=\"https:\/\/ofertexl.ro\/wp-content\/uploads\/2026\/05\/ChatGPT-Image-19-mai-2026-19_30_49-1.png\" \/>\n\t<meta property=\"og:image:width\" content=\"1672\" \/>\n\t<meta property=\"og:image:height\" content=\"941\" \/>\n\t<meta property=\"og:image:type\" content=\"image\/png\" \/>\n<meta name=\"twitter:card\" content=\"summary_large_image\" \/>\n<meta name=\"twitter:label1\" content=\"Timp estimat pentru citire\" \/>\n\t<meta name=\"twitter:data1\" content=\"1 minut\" \/>\n<script type=\"application\/ld+json\" class=\"yoast-schema-graph\">{\"@context\":\"https:\\\/\\\/schema.org\",\"@graph\":[{\"@type\":\"WebPage\",\"@id\":\"https:\\\/\\\/ofertexl.ro\\\/produs\\\/canapea-2-locuri-viena-bej-auriu\\\/\",\"url\":\"https:\\\/\\\/ofertexl.ro\\\/produs\\\/canapea-2-locuri-viena-bej-auriu\\\/\",\"name\":\"Canapea 2 locuri Viena bej auriu - Magazin online\",\"isPartOf\":{\"@id\":\"https:\\\/\\\/ofertexl.ro\\\/#website\"},\"primaryImageOfPage\":{\"@id\":\"https:\\\/\\\/ofertexl.ro\\\/produs\\\/canapea-2-locuri-viena-bej-auriu\\\/#primaryimage\"},\"image\":{\"@id\":\"https:\\\/\\\/ofertexl.ro\\\/produs\\\/canapea-2-locuri-viena-bej-auriu\\\/#primaryimage\"},\"thumbnailUrl\":\"https:\\\/\\\/homs.b-cdn.net\\\/uploads\\\/images\\\/2023\\\/12\\\/22\\\/big-250-30703-negru-set-canapea-canapea-2-loc-fotoliu-cafenea-restaurant-hotel-horeca-mobila-ieftin-homs-10-31-45v2.webp\",\"datePublished\":\"2026-05-20T10:29:33+00:00\",\"dateModified\":\"2026-09-04T21:30:18+00:00\",\"description\":\"\\\"Descoper\u0103 canapea 2 locuri Viena bej auriu la cel mai bun pre\u021b! Cump\u0103r\u0103 acum \u0219i beneficieaz\u0103 de confort \u0219i stil \u00een locuin\u021ba ta.\\\"\",\"breadcrumb\":{\"@id\":\"https:\\\/\\\/ofertexl.ro\\\/produs\\\/canapea-2-locuri-viena-bej-auriu\\\/#breadcrumb\"},\"inLanguage\":\"ro-RO\",\"potentialAction\":[{\"@type\":\"ReadAction\",\"target\":[\"https:\\\/\\\/ofertexl.ro\\\/produs\\\/canapea-2-locuri-viena-bej-auriu\\\/\"]}]},{\"@type\":\"ImageObject\",\"inLanguage\":\"ro-RO\",\"@id\":\"https:\\\/\\\/ofertexl.ro\\\/produs\\\/canapea-2-locuri-viena-bej-auriu\\\/#primaryimage\",\"url\":\"https:\\\/\\\/homs.b-cdn.net\\\/uploads\\\/images\\\/2023\\\/12\\\/22\\\/big-250-30703-negru-set-canapea-canapea-2-loc-fotoliu-cafenea-restaurant-hotel-horeca-mobila-ieftin-homs-10-31-45v2.webp\",\"contentUrl\":\"https:\\\/\\\/homs.b-cdn.net\\\/uploads\\\/images\\\/2023\\\/12\\\/22\\\/big-250-30703-negru-set-canapea-canapea-2-loc-fotoliu-cafenea-restaurant-hotel-horeca-mobila-ieftin-homs-10-31-45v2.webp\"},{\"@type\":\"BreadcrumbList\",\"@id\":\"https:\\\/\\\/ofertexl.ro\\\/produs\\\/canapea-2-locuri-viena-bej-auriu\\\/#breadcrumb\",\"itemListElement\":[{\"@type\":\"ListItem\",\"position\":1,\"name\":\"Home\",\"item\":\"https:\\\/\\\/ofertexl.ro\\\/\"},{\"@type\":\"ListItem\",\"position\":2,\"name\":\"Shop\",\"item\":\"https:\\\/\\\/ofertexl.ro\\\/shop\\\/\"},{\"@type\":\"ListItem\",\"position\":3,\"name\":\"Canapea 2 locuri Viena bej auriu\"}]},{\"@type\":\"WebSite\",\"@id\":\"https:\\\/\\\/ofertexl.ro\\\/#website\",\"url\":\"https:\\\/\\\/ofertexl.ro\\\/\",\"name\":\"Oferte XL\",\"description\":\"Toate reducerile intr-un singur loc!\",\"publisher\":{\"@id\":\"https:\\\/\\\/ofertexl.ro\\\/#organization\"},\"potentialAction\":[{\"@type\":\"SearchAction\",\"target\":{\"@type\":\"EntryPoint\",\"urlTemplate\":\"https:\\\/\\\/ofertexl.ro\\\/?s={search_term_string}\"},\"query-input\":{\"@type\":\"PropertyValueSpecification\",\"valueRequired\":true,\"valueName\":\"search_term_string\"}}],\"inLanguage\":\"ro-RO\"},{\"@type\":\"Organization\",\"@id\":\"https:\\\/\\\/ofertexl.ro\\\/#organization\",\"name\":\"Oferte XL\",\"url\":\"https:\\\/\\\/ofertexl.ro\\\/\",\"logo\":{\"@type\":\"ImageObject\",\"inLanguage\":\"ro-RO\",\"@id\":\"https:\\\/\\\/ofertexl.ro\\\/#\\\/schema\\\/logo\\\/image\\\/\",\"url\":\"https:\\\/\\\/ofertexl.ro\\\/wp-content\\\/uploads\\\/2026\\\/05\\\/Logo-OFERTEXL.png\",\"contentUrl\":\"https:\\\/\\\/ofertexl.ro\\\/wp-content\\\/uploads\\\/2026\\\/05\\\/Logo-OFERTEXL.png\",\"width\":400,\"height\":114,\"caption\":\"Oferte XL\"},\"image\":{\"@id\":\"https:\\\/\\\/ofertexl.ro\\\/#\\\/schema\\\/logo\\\/image\\\/\"}}]}<\/script>\n<!-- \/ Yoast SEO plugin. -->","yoast_head_json":{"title":"Canapea 2 locuri Viena bej auriu - Magazin online","description":"\"Descoper\u0103 canapea 2 locuri Viena bej auriu la cel mai bun pre\u021b! Cump\u0103r\u0103 acum \u0219i beneficieaz\u0103 de confort \u0219i stil \u00een locuin\u021ba ta.\"","robots":{"index":"index","follow":"follow","max-snippet":"max-snippet:-1","max-image-preview":"max-image-preview:large","max-video-preview":"max-video-preview:-1"},"canonical":"https:\/\/ofertexl.ro\/ro\/produs\/canapea-2-locuri-viena-bej-auriu\/","og_locale":"ro_RO","og_type":"article","og_title":"Canapea 2 locuri Viena bej auriu - Magazin online","og_description":"\"Descoper\u0103 canapea 2 locuri Viena bej auriu la cel mai bun pre\u021b! Cump\u0103r\u0103 acum \u0219i beneficieaz\u0103 de confort \u0219i stil \u00een locuin\u021ba ta.\"","og_url":"https:\/\/ofertexl.ro\/ro\/produs\/canapea-2-locuri-viena-bej-auriu\/","og_site_name":"Oferte XL","article_modified_time":"2026-09-04T21:30:18+00:00","og_image":[{"width":1672,"height":941,"url":"https:\/\/ofertexl.ro\/wp-content\/uploads\/2026\/05\/ChatGPT-Image-19-mai-2026-19_30_49-1.png","type":"image\/png"}],"twitter_card":"summary_large_image","twitter_misc":{"Timp estimat pentru citire":"1 minut"},"schema":{"@context":"https:\/\/schema.org","@graph":[{"@type":"WebPage","@id":"https:\/\/ofertexl.ro\/produs\/canapea-2-locuri-viena-bej-auriu\/","url":"https:\/\/ofertexl.ro\/produs\/canapea-2-locuri-viena-bej-auriu\/","name":"Canapea 2 locuri Viena bej auriu - Magazin online","isPartOf":{"@id":"https:\/\/ofertexl.ro\/#website"},"primaryImageOfPage":{"@id":"https:\/\/ofertexl.ro\/produs\/canapea-2-locuri-viena-bej-auriu\/#primaryimage"},"image":{"@id":"https:\/\/ofertexl.ro\/produs\/canapea-2-locuri-viena-bej-auriu\/#primaryimage"},"thumbnailUrl":"https:\/\/homs.b-cdn.net\/uploads\/images\/2023\/12\/22\/big-250-30703-negru-set-canapea-canapea-2-loc-fotoliu-cafenea-restaurant-hotel-horeca-mobila-ieftin-homs-10-31-45v2.webp","datePublished":"2026-05-20T10:29:33+00:00","dateModified":"2026-09-04T21:30:18+00:00","description":"\"Descoper\u0103 canapea 2 locuri Viena bej auriu la cel mai bun pre\u021b! Cump\u0103r\u0103 acum \u0219i beneficieaz\u0103 de confort \u0219i stil \u00een locuin\u021ba ta.\"","breadcrumb":{"@id":"https:\/\/ofertexl.ro\/produs\/canapea-2-locuri-viena-bej-auriu\/#breadcrumb"},"inLanguage":"ro-RO","potentialAction":[{"@type":"ReadAction","target":["https:\/\/ofertexl.ro\/produs\/canapea-2-locuri-viena-bej-auriu\/"]}]},{"@type":"ImageObject","inLanguage":"ro-RO","@id":"https:\/\/ofertexl.ro\/produs\/canapea-2-locuri-viena-bej-auriu\/#primaryimage","url":"https:\/\/homs.b-cdn.net\/uploads\/images\/2023\/12\/22\/big-250-30703-negru-set-canapea-canapea-2-loc-fotoliu-cafenea-restaurant-hotel-horeca-mobila-ieftin-homs-10-31-45v2.webp","contentUrl":"https:\/\/homs.b-cdn.net\/uploads\/images\/2023\/12\/22\/big-250-30703-negru-set-canapea-canapea-2-loc-fotoliu-cafenea-restaurant-hotel-horeca-mobila-ieftin-homs-10-31-45v2.webp"},{"@type":"BreadcrumbList","@id":"https:\/\/ofertexl.ro\/produs\/canapea-2-locuri-viena-bej-auriu\/#breadcrumb","itemListElement":[{"@type":"ListItem","position":1,"name":"Home","item":"https:\/\/ofertexl.ro\/"},{"@type":"ListItem","position":2,"name":"Shop","item":"https:\/\/ofertexl.ro\/shop\/"},{"@type":"ListItem","position":3,"name":"Canapea 2 locuri Viena bej auriu"}]},{"@type":"WebSite","@id":"https:\/\/ofertexl.ro\/#website","url":"https:\/\/ofertexl.ro\/","name":"Oferte XL","description":"Toate reducerile intr-un singur loc!","publisher":{"@id":"https:\/\/ofertexl.ro\/#organization"},"potentialAction":[{"@type":"SearchAction","target":{"@type":"EntryPoint","urlTemplate":"https:\/\/ofertexl.ro\/?s={search_term_string}"},"query-input":{"@type":"PropertyValueSpecification","valueRequired":true,"valueName":"search_term_string"}}],"inLanguage":"ro-RO"},{"@type":"Organization","@id":"https:\/\/ofertexl.ro\/#organization","name":"Oferte XL","url":"https:\/\/ofertexl.ro\/","logo":{"@type":"ImageObject","inLanguage":"ro-RO","@id":"https:\/\/ofertexl.ro\/#\/schema\/logo\/image\/","url":"https:\/\/ofertexl.ro\/wp-content\/uploads\/2026\/05\/Logo-OFERTEXL.png","contentUrl":"https:\/\/ofertexl.ro\/wp-content\/uploads\/2026\/05\/Logo-OFERTEXL.png","width":400,"height":114,"caption":"Oferte XL"},"image":{"@id":"https:\/\/ofertexl.ro\/#\/schema\/logo\/image\/"}}]}},"_links":{"self":[{"href":"https:\/\/ofertexl.ro\/ro\/wp-json\/wp\/v2\/product\/45495","targetHints":{"allow":["GET"]}}],"collection":[{"href":"https:\/\/ofertexl.ro\/ro\/wp-json\/wp\/v2\/product"}],"about":[{"href":"https:\/\/ofertexl.ro\/ro\/wp-json\/wp\/v2\/types\/product"}],"replies":[{"embeddable":true,"href":"https:\/\/ofertexl.ro\/ro\/wp-json\/wp\/v2\/comments?post=45495"}],"version-history":[{"count":0,"href":"https:\/\/ofertexl.ro\/ro\/wp-json\/wp\/v2\/product\/45495\/revisions"}],"wp:featuredmedia":[{"embeddable":true,"href":"https:\/\/ofertexl.ro\/ro\/wp-json\/wp\/v2\/media\/29031"}],"wp:attachment":[{"href":"https:\/\/ofertexl.ro\/ro\/wp-json\/wp\/v2\/media?parent=45495"}],"wp:term":[{"taxonomy":"product_brand","embeddable":true,"href":"https:\/\/ofertexl.ro\/ro\/wp-json\/wp\/v2\/product_brand?post=45495"},{"taxonomy":"product_cat","embeddable":true,"href":"https:\/\/ofertexl.ro\/ro\/wp-json\/wp\/v2\/product_cat?post=45495"},{"taxonomy":"product_tag","embeddable":true,"href":"https:\/\/ofertexl.ro\/ro\/wp-json\/wp\/v2\/product_tag?post=45495"}],"curies":[{"name":"wp","href":"https:\/\/api.w.org\/{rel}","templated":true}]}}